{"id":118242,"date":"2023-07-18T13:25:31","date_gmt":"2023-07-18T11:25:31","guid":{"rendered":"https:\/\/www.duboeuf.com\/?page_id=118242"},"modified":"2025-11-17T15:05:34","modified_gmt":"2025-11-17T14:05:34","slug":"videos-hameau-duboeuf","status":"publish","type":"page","link":"https:\/\/www.duboeuf.com\/fr\/le-parc\/videos-hameau-duboeuf\/","title":{"rendered":"Vid\u00e9os Hameau Dub\u0153uf"},"content":{"rendered":"\t\t<div data-elementor-type=\"wp-page\" data-elementor-id=\"118242\" class=\"elementor elementor-118242\" data-elementor-post-type=\"page\">\n\t\t\t\t\t\t<section class=\"elementor-section elementor-top-section elementor-element elementor-element-749cd91 elementor-section-boxed elementor-section-height-default elementor-section-height-default\" data-id=\"749cd91\" data-element_type=\"section\" data-e-type=\"section\">\n\t\t\t\t\t\t<div class=\"elementor-container elementor-column-gap-default\">\n\t\t\t\t\t<div class=\"elementor-column elementor-col-100 elementor-top-column elementor-element elementor-element-9c06080\" data-id=\"9c06080\" data-element_type=\"column\" data-e-type=\"column\">\n\t\t\t<div class=\"elementor-widget-wrap elementor-element-populated\">\n\t\t\t\t\t\t<div class=\"elementor-element elementor-element-e2cbc7f elementor-widget elementor-widget-heading\" data-id=\"e2cbc7f\" data-element_type=\"widget\" data-e-type=\"widget\" data-widget_type=\"heading.default\">\n\t\t\t\t<div class=\"elementor-widget-container\">\n\t\t\t\t\t<h1 class=\"elementor-heading-title elementor-size-default\">Vid\u00e9os Hameau Dub\u0153uf<\/h1>\t\t\t\t<\/div>\n\t\t\t\t<\/div>\n\t\t\t\t<section class=\"elementor-section elementor-inner-section elementor-element elementor-element-8ce9c2a elementor-section-boxed elementor-section-height-default elementor-section-height-default\" data-id=\"8ce9c2a\" data-element_type=\"section\" data-e-type=\"section\">\n\t\t\t\t\t\t<div class=\"elementor-container elementor-column-gap-default\">\n\t\t\t\t\t<div class=\"elementor-column elementor-col-33 elementor-inner-column elementor-element elementor-element-ff3e815\" data-id=\"ff3e815\" data-element_type=\"column\" data-e-type=\"column\">\n\t\t\t<div class=\"elementor-widget-wrap elementor-element-populated\">\n\t\t\t\t\t\t<div class=\"elementor-element elementor-element-da7e5b6 elementor-widget elementor-widget-video\" data-id=\"da7e5b6\" data-element_type=\"widget\" data-e-type=\"widget\" data-settings=\"{&quot;youtube_url&quot;:&quot;https:\\\/\\\/www.youtube.com\\\/watch?v=X3dyrNQmAOI&quot;,&quot;video_type&quot;:&quot;youtube&quot;,&quot;controls&quot;:&quot;yes&quot;}\" data-widget_type=\"video.default\">\n\t\t\t\t<div class=\"elementor-widget-container\">\n\t\t\t\t\t\t\t<div class=\"elementor-wrapper elementor-open-inline\">\n\t\t\t<div class=\"elementor-video\"><\/div>\t\t<\/div>\n\t\t\t\t\t\t<\/div>\n\t\t\t\t<\/div>\n\t\t\t\t<div class=\"elementor-element elementor-element-14ce246 elementor-widget elementor-widget-elementskit-accordion\" data-id=\"14ce246\" data-element_type=\"widget\" data-e-type=\"widget\" data-widget_type=\"elementskit-accordion.default\">\n\t\t\t\t<div class=\"elementor-widget-container\">\n\t\t\t\t\t<div class=\"ekit-wid-con\" >\n        <div class=\"elementskit-accordion accoedion-primary\" id=\"accordion-69ef4dfcba073\">\n\n            \n                <div class=\"elementskit-card \">\n                    <div class=\"elementskit-card-header\" id=\"primaryHeading-0-14ce246\">\n                        <a href=\"#collapse-6398a2169ef4dfcba073\" class=\"ekit-accordion--toggler elementskit-btn-link collapsed\" data-ekit-toggle=\"collapse\" data-target=\"#Collapse-6398a2169ef4dfcba073\" aria-expanded=\"false\" aria-controls=\"Collapse-6398a2169ef4dfcba073\">\n                            \n                            <span class=\"ekit-accordion-title\">Pr\u00e9sentation du Hameau Duboeuf<\/span>\n\n                            \n                                <div class=\"ekit_accordion_icon_group\">\n                                    <div class=\"ekit_accordion_normal_icon\">\n                                        <!-- Normal Icon -->\n\t\t\t\t\t\t\t\t\t\t<svg xmlns=\"http:\/\/www.w3.org\/2000\/svg\" xmlns:xlink=\"http:\/\/www.w3.org\/1999\/xlink\" id=\"Calque_1\" x=\"0px\" y=\"0px\" viewBox=\"0 0 1488 1838\" xml:space=\"preserve\"><path d=\"M758.6,1820.3l-594.9-594.9l62.1-62.1l489,489V554.3h87.8v1098.1l489-489l62.1,62.1L758.6,1820.3z\"><\/path><\/svg>                                    <\/div>\n\n                                    <div class=\"ekit_accordion_active_icon\">\n                                        <!-- Active Icon -->\n\t\t\t\t\t\t\t\t\t\t                                    <\/div>\n                                <\/div>\n\n                            \n                                                    <\/a>\n                    <\/div>\n\n                    <div id=\"Collapse-6398a2169ef4dfcba073\" class=\" collapse\" aria-labelledby=\"primaryHeading-0-14ce246\" data-parent=\"#accordion-69ef4dfcba073\">\n\n                        <div class=\"elementskit-card-body ekit-accordion--content\">\n                            <p><span class=\"yt-core-attributed-string yt-core-attributed-string--white-space-pre-wrap\"><span class=\"yt-core-attributed-string--link-inherit-color\">Le Hameau Duboeuf, 1er parc sur la Vigne et le Vin en Europe, ouvert du mercredi au dimanche. <\/span><\/span><span class=\"yt-core-attributed-string yt-core-attributed-string--white-space-pre-wrap\"><span class=\"yt-core-attributed-string--link-inherit-color\">Un voyage unique \u00e0 travers 2000 ans d\u2019Histoire sur la Vigne et le Vin \u00e0 travers des salles d\u2019expositions, des chais toujours en activit\u00e9, un cin\u00e9ma dynamique, cin\u00e9ma 3D, spectacle immersif son et lumi\u00e8re \u00ab Mon Beaujolais \u00bb, d\u00e9gustation dans d\u00e9cor de style cabaret parisien au son du limonaire. Jeux d\u2019enqu\u00eate num\u00e9rique Explor Games \u00aeindoor (en option).<\/span><\/span><\/p><p><span class=\"yt-core-attributed-string yt-core-attributed-string--white-space-pre-wrap\"><span class=\"yt-core-attributed-string--link-inherit-color\"> Entre Avril et septembre, soyez au c\u0153ur de la production en d\u00e9couvrant le centre de vinification et promenez-vous au c\u0153ur des ar\u00f4mes et des saveurs dans nos Jardins. Profitez des activit\u00e9s : minigolf, rosalies et sulkys, jeu de d\u2019\u00e9checs g\u00e9ant, jeu de piste Explor games \u00ae en option. Restauration sur place, boutique ouverte tous les jours de 8H \u00e0 19H <\/span><\/span><\/p><p><span class=\"yt-core-attributed-string yt-core-attributed-string--white-space-pre-wrap\"><span class=\"yt-core-attributed-string--link-inherit-color\"><strong>Nouveaut\u00e9 2023<\/strong><\/span><\/span><\/p><p><span class=\"yt-core-attributed-string yt-core-attributed-string--white-space-pre-wrap\"><span class=\"yt-core-attributed-string--link-inherit-color\">Le Hameau Duboeuf f\u00eate ses 30 ans ! et c\u2019est \u00e0 la Gare, enti\u00e8rement r\u00e9am\u00e9nag\u00e9e pour l\u2019occasion que les visiteurs d\u00e9couvriront \u00e0 partir du samedi 8 avril 2023 un tout nouveau spectacle son &amp; Lumi\u00e8re : L\u2019Imp\u00e9rial. Une sc\u00e9nographie o\u00f9 l\u2019Histoire c\u00f4toie la fiction o\u00f9 l\u2019objet de collection s\u2019anime pour le plus grand plaisir des petits et des grands.<\/span><\/span><\/p>                        <\/div>\n\n                    <\/div>\n\n                <\/div><!-- .elementskit-card END -->\n\n                                        <\/div>\n    <\/div>\t\t\t\t<\/div>\n\t\t\t\t<\/div>\n\t\t\t\t\t<\/div>\n\t\t<\/div>\n\t\t\t\t<div class=\"elementor-column elementor-col-33 elementor-inner-column elementor-element elementor-element-ab1dbfd\" data-id=\"ab1dbfd\" data-element_type=\"column\" data-e-type=\"column\">\n\t\t\t<div class=\"elementor-widget-wrap elementor-element-populated\">\n\t\t\t\t\t\t<div class=\"elementor-element elementor-element-c3958bc elementor-widget elementor-widget-video\" data-id=\"c3958bc\" data-element_type=\"widget\" data-e-type=\"widget\" data-settings=\"{&quot;youtube_url&quot;:&quot;https:\\\/\\\/youtu.be\\\/sZZjdC-mDPI&quot;,&quot;video_type&quot;:&quot;youtube&quot;,&quot;controls&quot;:&quot;yes&quot;}\" data-widget_type=\"video.default\">\n\t\t\t\t<div class=\"elementor-widget-container\">\n\t\t\t\t\t\t\t<div class=\"elementor-wrapper elementor-open-inline\">\n\t\t\t<div class=\"elementor-video\"><\/div>\t\t<\/div>\n\t\t\t\t\t\t<\/div>\n\t\t\t\t<\/div>\n\t\t\t\t<div class=\"elementor-element elementor-element-946b11f elementor-widget elementor-widget-elementskit-accordion\" data-id=\"946b11f\" data-element_type=\"widget\" data-e-type=\"widget\" data-widget_type=\"elementskit-accordion.default\">\n\t\t\t\t<div class=\"elementor-widget-container\">\n\t\t\t\t\t<div class=\"ekit-wid-con\" >\n        <div class=\"elementskit-accordion accoedion-primary\" id=\"accordion-69ef4dfcba9a3\">\n\n            \n                <div class=\"elementskit-card \">\n                    <div class=\"elementskit-card-header\" id=\"primaryHeading-0-946b11f\">\n                        <a href=\"#collapse-6398a2169ef4dfcba9a3\" class=\"ekit-accordion--toggler elementskit-btn-link collapsed\" data-ekit-toggle=\"collapse\" data-target=\"#Collapse-6398a2169ef4dfcba9a3\" aria-expanded=\"false\" aria-controls=\"Collapse-6398a2169ef4dfcba9a3\">\n                            \n                            <span class=\"ekit-accordion-title\"> Le Hameau Enchant\u00e9 \u00e0 No\u00ebl <\/span>\n\n                            \n                                <div class=\"ekit_accordion_icon_group\">\n                                    <div class=\"ekit_accordion_normal_icon\">\n                                        <!-- Normal Icon -->\n\t\t\t\t\t\t\t\t\t\t<svg xmlns=\"http:\/\/www.w3.org\/2000\/svg\" xmlns:xlink=\"http:\/\/www.w3.org\/1999\/xlink\" id=\"Calque_1\" x=\"0px\" y=\"0px\" viewBox=\"0 0 1488 1838\" xml:space=\"preserve\"><path d=\"M758.6,1820.3l-594.9-594.9l62.1-62.1l489,489V554.3h87.8v1098.1l489-489l62.1,62.1L758.6,1820.3z\"><\/path><\/svg>                                    <\/div>\n\n                                    <div class=\"ekit_accordion_active_icon\">\n                                        <!-- Active Icon -->\n\t\t\t\t\t\t\t\t\t\t                                    <\/div>\n                                <\/div>\n\n                            \n                                                    <\/a>\n                    <\/div>\n\n                    <div id=\"Collapse-6398a2169ef4dfcba9a3\" class=\" collapse\" aria-labelledby=\"primaryHeading-0-946b11f\" data-parent=\"#accordion-69ef4dfcba9a3\">\n\n                        <div class=\"elementskit-card-body ekit-accordion--content\">\n                            <p><span class=\"yt-core-attributed-string yt-core-attributed-string--white-space-pre-wrap\"><span class=\"yt-core-attributed-string--link-inherit-color\">Le Hameau Dub\u0153uf rebaptis\u00e9 le \u00ab Hameau Enchant\u00e9 \u00bb s'illumine \u00e0 l'approche des festivit\u00e9s de No\u00ebl ! Comme tous les ans, vous n\u2019\u00e9chapperez pas \u00e0 la tradition du Hameau. Petits et grands, plongez dans les d\u00e9cors somptueux et vivants de No\u00ebl. Des cr\u00e9atures anim\u00e9es m\u00e9caniquement, grandeur nature dans un cadre f\u00e9erique et fantastique, vous chanteront des m\u00e9lodies et vous conteront des jolies histoires de No\u00ebl.<\/span><\/span><\/p><p><span class=\"yt-core-attributed-string yt-core-attributed-string--white-space-pre-wrap\"><span class=\"yt-core-attributed-string--link-inherit-color\">Ouvert du mercredi au dimanche de 9h30 \u00e0 19h00.<\/span><\/span><\/p><p><span class=\"yt-core-attributed-string yt-core-attributed-string--white-space-pre-wrap\"><span class=\"yt-core-attributed-string--link-inherit-color\">\u00a0<\/span><\/span><\/p>                        <\/div>\n\n                    <\/div>\n\n                <\/div><!-- .elementskit-card END -->\n\n                                        <\/div>\n    <\/div>\t\t\t\t<\/div>\n\t\t\t\t<\/div>\n\t\t\t\t\t<\/div>\n\t\t<\/div>\n\t\t\t\t<div class=\"elementor-column elementor-col-33 elementor-inner-column elementor-element elementor-element-c40c437\" data-id=\"c40c437\" data-element_type=\"column\" data-e-type=\"column\">\n\t\t\t<div class=\"elementor-widget-wrap elementor-element-populated\">\n\t\t\t\t\t\t<div class=\"elementor-element elementor-element-4ebd0a6 elementor-widget elementor-widget-video\" data-id=\"4ebd0a6\" data-element_type=\"widget\" data-e-type=\"widget\" data-settings=\"{&quot;youtube_url&quot;:&quot;https:\\\/\\\/youtu.be\\\/BJUjnpwB7SA&quot;,&quot;video_type&quot;:&quot;youtube&quot;,&quot;controls&quot;:&quot;yes&quot;}\" data-widget_type=\"video.default\">\n\t\t\t\t<div class=\"elementor-widget-container\">\n\t\t\t\t\t\t\t<div class=\"elementor-wrapper elementor-open-inline\">\n\t\t\t<div class=\"elementor-video\"><\/div>\t\t<\/div>\n\t\t\t\t\t\t<\/div>\n\t\t\t\t<\/div>\n\t\t\t\t<div class=\"elementor-element elementor-element-7d5dc1c elementor-widget elementor-widget-elementskit-accordion\" data-id=\"7d5dc1c\" data-element_type=\"widget\" data-e-type=\"widget\" data-widget_type=\"elementskit-accordion.default\">\n\t\t\t\t<div class=\"elementor-widget-container\">\n\t\t\t\t\t<div class=\"ekit-wid-con\" >\n        <div class=\"elementskit-accordion accoedion-primary\" id=\"accordion-69ef4dfcbb111\">\n\n            \n                <div class=\"elementskit-card \">\n                    <div class=\"elementskit-card-header\" id=\"primaryHeading-0-7d5dc1c\">\n                        <a href=\"#collapse-6398a2169ef4dfcbb111\" class=\"ekit-accordion--toggler elementskit-btn-link collapsed\" data-ekit-toggle=\"collapse\" data-target=\"#Collapse-6398a2169ef4dfcbb111\" aria-expanded=\"false\" aria-controls=\"Collapse-6398a2169ef4dfcbb111\">\n                            \n                            <span class=\"ekit-accordion-title\">Accueil de groupe au Hameau<\/span>\n\n                            \n                                <div class=\"ekit_accordion_icon_group\">\n                                    <div class=\"ekit_accordion_normal_icon\">\n                                        <!-- Normal Icon -->\n\t\t\t\t\t\t\t\t\t\t<svg xmlns=\"http:\/\/www.w3.org\/2000\/svg\" xmlns:xlink=\"http:\/\/www.w3.org\/1999\/xlink\" id=\"Calque_1\" x=\"0px\" y=\"0px\" viewBox=\"0 0 1488 1838\" xml:space=\"preserve\"><path d=\"M758.6,1820.3l-594.9-594.9l62.1-62.1l489,489V554.3h87.8v1098.1l489-489l62.1,62.1L758.6,1820.3z\"><\/path><\/svg>                                    <\/div>\n\n                                    <div class=\"ekit_accordion_active_icon\">\n                                        <!-- Active Icon -->\n\t\t\t\t\t\t\t\t\t\t                                    <\/div>\n                                <\/div>\n\n                            \n                                                    <\/a>\n                    <\/div>\n\n                    <div id=\"Collapse-6398a2169ef4dfcbb111\" class=\" collapse\" aria-labelledby=\"primaryHeading-0-7d5dc1c\" data-parent=\"#accordion-69ef4dfcbb111\">\n\n                        <div class=\"elementskit-card-body ekit-accordion--content\">\n                            <p>Visitez le Hameau avec votre groupe ! Association, entreprise, famille, \u00e0 partir de 20 personnes profitez des avantages groupe. Sur r\u00e9servation. Possibilit\u00e9 de visite accompagn\u00e9e.<\/p><p>Nous contacter au 03 85 35 22 22.<\/p><p>Ouvert du mercredi au dimanche de 10h00 \u00e0 18h00.<\/p>                        <\/div>\n\n                    <\/div>\n\n                <\/div><!-- .elementskit-card END -->\n\n                                        <\/div>\n    <\/div>\t\t\t\t<\/div>\n\t\t\t\t<\/div>\n\t\t\t\t\t<\/div>\n\t\t<\/div>\n\t\t\t\t\t<\/div>\n\t\t<\/section>\n\t\t\t\t<section class=\"elementor-section elementor-inner-section elementor-element elementor-element-8ebade0 elementor-section-boxed elementor-section-height-default elementor-section-height-default\" data-id=\"8ebade0\" data-element_type=\"section\" data-e-type=\"section\">\n\t\t\t\t\t\t<div class=\"elementor-container elementor-column-gap-default\">\n\t\t\t\t\t<div class=\"elementor-column elementor-col-33 elementor-inner-column elementor-element elementor-element-dfd1c1f\" data-id=\"dfd1c1f\" data-element_type=\"column\" data-e-type=\"column\">\n\t\t\t<div class=\"elementor-widget-wrap elementor-element-populated\">\n\t\t\t\t\t\t<div class=\"elementor-element elementor-element-b80b0a4 elementor-widget elementor-widget-video\" data-id=\"b80b0a4\" data-element_type=\"widget\" data-e-type=\"widget\" data-settings=\"{&quot;youtube_url&quot;:&quot;https:\\\/\\\/youtu.be\\\/x5JXf3GsiNc&quot;,&quot;video_type&quot;:&quot;youtube&quot;,&quot;controls&quot;:&quot;yes&quot;}\" data-widget_type=\"video.default\">\n\t\t\t\t<div class=\"elementor-widget-container\">\n\t\t\t\t\t\t\t<div class=\"elementor-wrapper elementor-open-inline\">\n\t\t\t<div class=\"elementor-video\"><\/div>\t\t<\/div>\n\t\t\t\t\t\t<\/div>\n\t\t\t\t<\/div>\n\t\t\t\t<div class=\"elementor-element elementor-element-b7d100f elementor-widget elementor-widget-elementskit-accordion\" data-id=\"b7d100f\" data-element_type=\"widget\" data-e-type=\"widget\" data-widget_type=\"elementskit-accordion.default\">\n\t\t\t\t<div class=\"elementor-widget-container\">\n\t\t\t\t\t<div class=\"ekit-wid-con\" >\n        <div class=\"elementskit-accordion accoedion-primary\" id=\"accordion-69ef4dfcbb9fb\">\n\n            \n                <div class=\"elementskit-card \">\n                    <div class=\"elementskit-card-header\" id=\"primaryHeading-0-b7d100f\">\n                        <a href=\"#collapse-6398a2169ef4dfcbb9fb\" class=\"ekit-accordion--toggler elementskit-btn-link collapsed\" data-ekit-toggle=\"collapse\" data-target=\"#Collapse-6398a2169ef4dfcbb9fb\" aria-expanded=\"false\" aria-controls=\"Collapse-6398a2169ef4dfcbb9fb\">\n                            \n                            <span class=\"ekit-accordion-title\">Cave et Boutique Dub\u0153uf<\/span>\n\n                            \n                                <div class=\"ekit_accordion_icon_group\">\n                                    <div class=\"ekit_accordion_normal_icon\">\n                                        <!-- Normal Icon -->\n\t\t\t\t\t\t\t\t\t\t<svg xmlns=\"http:\/\/www.w3.org\/2000\/svg\" xmlns:xlink=\"http:\/\/www.w3.org\/1999\/xlink\" id=\"Calque_1\" x=\"0px\" y=\"0px\" viewBox=\"0 0 1488 1838\" xml:space=\"preserve\"><path d=\"M758.6,1820.3l-594.9-594.9l62.1-62.1l489,489V554.3h87.8v1098.1l489-489l62.1,62.1L758.6,1820.3z\"><\/path><\/svg>                                    <\/div>\n\n                                    <div class=\"ekit_accordion_active_icon\">\n                                        <!-- Active Icon -->\n\t\t\t\t\t\t\t\t\t\t                                    <\/div>\n                                <\/div>\n\n                            \n                                                    <\/a>\n                    <\/div>\n\n                    <div id=\"Collapse-6398a2169ef4dfcbb9fb\" class=\" collapse\" aria-labelledby=\"primaryHeading-0-b7d100f\" data-parent=\"#accordion-69ef4dfcbb9fb\">\n\n                        <div class=\"elementskit-card-body ekit-accordion--content\">\n                            <p>Repartez avec un souvenir de votre visite au Hameau et faites le plein d'id\u00e9es cadeaux pour vos proches ! Vins, \u00e9picerie fine, litt\u00e9rature, art de la table, jeux, etc...<\/p><p>Ouvert du lundi au dimanche de 8h30 \u00e0 19h00.<\/p>                        <\/div>\n\n                    <\/div>\n\n                <\/div><!-- .elementskit-card END -->\n\n                                        <\/div>\n    <\/div>\t\t\t\t<\/div>\n\t\t\t\t<\/div>\n\t\t\t\t\t<\/div>\n\t\t<\/div>\n\t\t\t\t<div class=\"elementor-column elementor-col-33 elementor-inner-column elementor-element elementor-element-6495d95\" data-id=\"6495d95\" data-element_type=\"column\" data-e-type=\"column\">\n\t\t\t<div class=\"elementor-widget-wrap elementor-element-populated\">\n\t\t\t\t\t\t<div class=\"elementor-element elementor-element-f1e5d30 elementor-widget elementor-widget-video\" data-id=\"f1e5d30\" data-element_type=\"widget\" data-e-type=\"widget\" data-settings=\"{&quot;youtube_url&quot;:&quot;https:\\\/\\\/www.youtube.com\\\/watch?v=O8VxG_W9aPQ&quot;,&quot;video_type&quot;:&quot;youtube&quot;,&quot;controls&quot;:&quot;yes&quot;}\" data-widget_type=\"video.default\">\n\t\t\t\t<div class=\"elementor-widget-container\">\n\t\t\t\t\t\t\t<div class=\"elementor-wrapper elementor-open-inline\">\n\t\t\t<div class=\"elementor-video\"><\/div>\t\t<\/div>\n\t\t\t\t\t\t<\/div>\n\t\t\t\t<\/div>\n\t\t\t\t<div class=\"elementor-element elementor-element-254f596 elementor-widget elementor-widget-elementskit-accordion\" data-id=\"254f596\" data-element_type=\"widget\" data-e-type=\"widget\" data-widget_type=\"elementskit-accordion.default\">\n\t\t\t\t<div class=\"elementor-widget-container\">\n\t\t\t\t\t<div class=\"ekit-wid-con\" >\n        <div class=\"elementskit-accordion accoedion-primary\" id=\"accordion-69ef4dfcbc117\">\n\n            \n                <div class=\"elementskit-card \">\n                    <div class=\"elementskit-card-header\" id=\"primaryHeading-0-254f596\">\n                        <a href=\"#collapse-6398a2169ef4dfcbc117\" class=\"ekit-accordion--toggler elementskit-btn-link collapsed\" data-ekit-toggle=\"collapse\" data-target=\"#Collapse-6398a2169ef4dfcbc117\" aria-expanded=\"false\" aria-controls=\"Collapse-6398a2169ef4dfcbc117\">\n                            \n                            <span class=\"ekit-accordion-title\">L&#039;imp\u00e9rial, Nouveaut\u00e9 2023<\/span>\n\n                            \n                                <div class=\"ekit_accordion_icon_group\">\n                                    <div class=\"ekit_accordion_normal_icon\">\n                                        <!-- Normal Icon -->\n\t\t\t\t\t\t\t\t\t\t<svg xmlns=\"http:\/\/www.w3.org\/2000\/svg\" xmlns:xlink=\"http:\/\/www.w3.org\/1999\/xlink\" id=\"Calque_1\" x=\"0px\" y=\"0px\" viewBox=\"0 0 1488 1838\" xml:space=\"preserve\"><path d=\"M758.6,1820.3l-594.9-594.9l62.1-62.1l489,489V554.3h87.8v1098.1l489-489l62.1,62.1L758.6,1820.3z\"><\/path><\/svg>                                    <\/div>\n\n                                    <div class=\"ekit_accordion_active_icon\">\n                                        <!-- Active Icon -->\n\t\t\t\t\t\t\t\t\t\t                                    <\/div>\n                                <\/div>\n\n                            \n                                                    <\/a>\n                    <\/div>\n\n                    <div id=\"Collapse-6398a2169ef4dfcbc117\" class=\" collapse\" aria-labelledby=\"primaryHeading-0-254f596\" data-parent=\"#accordion-69ef4dfcbc117\">\n\n                        <div class=\"elementskit-card-body ekit-accordion--content\">\n                            <p><span class=\"yt-core-attributed-string yt-core-attributed-string--white-space-pre-wrap\"><span class=\"yt-core-attributed-string--link-inherit-color\"><strong>Nouveaut\u00e9 Avril 2023<\/strong><\/span><\/span><\/p><p><span class=\"yt-core-attributed-string yt-core-attributed-string--white-space-pre-wrap\"><span class=\"yt-core-attributed-string--link-inherit-color\">Le Hameau Duboeuf f\u00eate ses 30 ans ! et c\u2019est \u00e0 la Gare, enti\u00e8rement r\u00e9am\u00e9nag\u00e9e pour l\u2019occasion que les visiteurs d\u00e9couvriront un tout nouveau spectacle son &amp; Lumi\u00e8re : L\u2019Imp\u00e9rial. Une sc\u00e9nographie o\u00f9 l\u2019Histoire c\u00f4toie la fiction o\u00f9 l\u2019objet de collection s\u2019anime pour le plus grand plaisir des petits et des grands.<\/span><\/span><\/p><p><span class=\"yt-core-attributed-string yt-core-attributed-string--white-space-pre-wrap\"><span class=\"yt-core-attributed-string--link-inherit-color\">\u00a0<\/span><\/span><\/p>                        <\/div>\n\n                    <\/div>\n\n                <\/div><!-- .elementskit-card END -->\n\n                                        <\/div>\n    <\/div>\t\t\t\t<\/div>\n\t\t\t\t<\/div>\n\t\t\t\t\t<\/div>\n\t\t<\/div>\n\t\t\t\t<div class=\"elementor-column elementor-col-33 elementor-inner-column elementor-element elementor-element-0bb1952\" data-id=\"0bb1952\" data-element_type=\"column\" data-e-type=\"column\">\n\t\t\t<div class=\"elementor-widget-wrap elementor-element-populated\">\n\t\t\t\t\t\t<div class=\"elementor-element elementor-element-b1251f0 elementor-widget elementor-widget-video\" data-id=\"b1251f0\" data-element_type=\"widget\" data-e-type=\"widget\" data-settings=\"{&quot;youtube_url&quot;:&quot;https:\\\/\\\/youtu.be\\\/qrzuagiQwAg&quot;,&quot;video_type&quot;:&quot;youtube&quot;,&quot;controls&quot;:&quot;yes&quot;}\" data-widget_type=\"video.default\">\n\t\t\t\t<div class=\"elementor-widget-container\">\n\t\t\t\t\t\t\t<div class=\"elementor-wrapper elementor-open-inline\">\n\t\t\t<div class=\"elementor-video\"><\/div>\t\t<\/div>\n\t\t\t\t\t\t<\/div>\n\t\t\t\t<\/div>\n\t\t\t\t<div class=\"elementor-element elementor-element-e249f8a elementor-widget elementor-widget-elementskit-accordion\" data-id=\"e249f8a\" data-element_type=\"widget\" data-e-type=\"widget\" data-widget_type=\"elementskit-accordion.default\">\n\t\t\t\t<div class=\"elementor-widget-container\">\n\t\t\t\t\t<div class=\"ekit-wid-con\" >\n        <div class=\"elementskit-accordion accoedion-primary\" id=\"accordion-69ef4dfcbc85f\">\n\n            \n                <div class=\"elementskit-card \">\n                    <div class=\"elementskit-card-header\" id=\"primaryHeading-0-e249f8a\">\n                        <a href=\"#collapse-6398a2169ef4dfcbc85f\" class=\"ekit-accordion--toggler elementskit-btn-link collapsed\" data-ekit-toggle=\"collapse\" data-target=\"#Collapse-6398a2169ef4dfcbc85f\" aria-expanded=\"false\" aria-controls=\"Collapse-6398a2169ef4dfcbc85f\">\n                            \n                            <span class=\"ekit-accordion-title\">Le Caf\u00e9 des Deux Horloges<\/span>\n\n                            \n                                <div class=\"ekit_accordion_icon_group\">\n                                    <div class=\"ekit_accordion_normal_icon\">\n                                        <!-- Normal Icon -->\n\t\t\t\t\t\t\t\t\t\t<svg xmlns=\"http:\/\/www.w3.org\/2000\/svg\" xmlns:xlink=\"http:\/\/www.w3.org\/1999\/xlink\" id=\"Calque_1\" x=\"0px\" y=\"0px\" viewBox=\"0 0 1488 1838\" xml:space=\"preserve\"><path d=\"M758.6,1820.3l-594.9-594.9l62.1-62.1l489,489V554.3h87.8v1098.1l489-489l62.1,62.1L758.6,1820.3z\"><\/path><\/svg>                                    <\/div>\n\n                                    <div class=\"ekit_accordion_active_icon\">\n                                        <!-- Active Icon -->\n\t\t\t\t\t\t\t\t\t\t                                    <\/div>\n                                <\/div>\n\n                            \n                                                    <\/a>\n                    <\/div>\n\n                    <div id=\"Collapse-6398a2169ef4dfcbc85f\" class=\" collapse\" aria-labelledby=\"primaryHeading-0-e249f8a\" data-parent=\"#accordion-69ef4dfcbc85f\">\n\n                        <div class=\"elementskit-card-body ekit-accordion--content\">\n                            <p>D\u00e9couvrez notre restaurant Le Caf\u00e9 des Deux Horloges ! Une carte qui \u00e9volue au fil des saisons, des plats fais maison par notre Chef, une ambiance unique conviviale et festive. D\u00e9jeuner ponctu\u00e9 d'animation \u00e0 l'orgue de barbarie.<\/p><p>R\u00e9servez votre table au 03 85 35 22 22.<\/p><p>Ouvert du mercredi au dimanche, service du d\u00e9jeuner uniquement.<\/p>                        <\/div>\n\n                    <\/div>\n\n                <\/div><!-- .elementskit-card END -->\n\n                                        <\/div>\n    <\/div>\t\t\t\t<\/div>\n\t\t\t\t<\/div>\n\t\t\t\t\t<\/div>\n\t\t<\/div>\n\t\t\t\t\t<\/div>\n\t\t<\/section>\n\t\t\t\t<section class=\"elementor-section elementor-inner-section elementor-element elementor-element-6cfd463 elementor-section-boxed elementor-section-height-default elementor-section-height-default\" data-id=\"6cfd463\" data-element_type=\"section\" data-e-type=\"section\">\n\t\t\t\t\t\t<div class=\"elementor-container elementor-column-gap-default\">\n\t\t\t\t\t<div class=\"elementor-column elementor-col-33 elementor-inner-column elementor-element elementor-element-1ed8495\" data-id=\"1ed8495\" data-element_type=\"column\" data-e-type=\"column\">\n\t\t\t<div class=\"elementor-widget-wrap elementor-element-populated\">\n\t\t\t\t\t\t<div class=\"elementor-element elementor-element-2265a8e elementor-widget elementor-widget-video\" data-id=\"2265a8e\" data-element_type=\"widget\" data-e-type=\"widget\" data-settings=\"{&quot;youtube_url&quot;:&quot;https:\\\/\\\/www.youtube.com\\\/watch?v=5BI5kRBKIdc&quot;,&quot;video_type&quot;:&quot;youtube&quot;,&quot;controls&quot;:&quot;yes&quot;}\" data-widget_type=\"video.default\">\n\t\t\t\t<div class=\"elementor-widget-container\">\n\t\t\t\t\t\t\t<div class=\"elementor-wrapper elementor-open-inline\">\n\t\t\t<div class=\"elementor-video\"><\/div>\t\t<\/div>\n\t\t\t\t\t\t<\/div>\n\t\t\t\t<\/div>\n\t\t\t\t<div class=\"elementor-element elementor-element-55f25e0 elementor-widget elementor-widget-elementskit-accordion\" data-id=\"55f25e0\" data-element_type=\"widget\" data-e-type=\"widget\" data-widget_type=\"elementskit-accordion.default\">\n\t\t\t\t<div class=\"elementor-widget-container\">\n\t\t\t\t\t<div class=\"ekit-wid-con\" >\n        <div class=\"elementskit-accordion accoedion-primary\" id=\"accordion-69ef4dfcbd120\">\n\n            \n                <div class=\"elementskit-card \">\n                    <div class=\"elementskit-card-header\" id=\"primaryHeading-0-55f25e0\">\n                        <a href=\"#collapse-6398a2169ef4dfcbd120\" class=\"ekit-accordion--toggler elementskit-btn-link collapsed\" data-ekit-toggle=\"collapse\" data-target=\"#Collapse-6398a2169ef4dfcbd120\" aria-expanded=\"false\" aria-controls=\"Collapse-6398a2169ef4dfcbd120\">\n                            \n                            <span class=\"ekit-accordion-title\">Le Jardin en Beaujolais<\/span>\n\n                            \n                                <div class=\"ekit_accordion_icon_group\">\n                                    <div class=\"ekit_accordion_normal_icon\">\n                                        <!-- Normal Icon -->\n\t\t\t\t\t\t\t\t\t\t<svg xmlns=\"http:\/\/www.w3.org\/2000\/svg\" xmlns:xlink=\"http:\/\/www.w3.org\/1999\/xlink\" id=\"Calque_1\" x=\"0px\" y=\"0px\" viewBox=\"0 0 1488 1838\" xml:space=\"preserve\"><path d=\"M758.6,1820.3l-594.9-594.9l62.1-62.1l489,489V554.3h87.8v1098.1l489-489l62.1,62.1L758.6,1820.3z\"><\/path><\/svg>                                    <\/div>\n\n                                    <div class=\"ekit_accordion_active_icon\">\n                                        <!-- Active Icon -->\n\t\t\t\t\t\t\t\t\t\t                                    <\/div>\n                                <\/div>\n\n                            \n                                                    <\/a>\n                    <\/div>\n\n                    <div id=\"Collapse-6398a2169ef4dfcbd120\" class=\" collapse\" aria-labelledby=\"primaryHeading-0-55f25e0\" data-parent=\"#accordion-69ef4dfcbd120\">\n\n                        <div class=\"elementskit-card-body ekit-accordion--content\">\n                            <p><span class=\"yt-core-attributed-string yt-core-attributed-string--white-space-pre-wrap\"><span class=\"yt-core-attributed-string--link-inherit-color\">Entre Avril et septembre, soyez au c\u0153ur de la production en d\u00e9couvrant le centre de vinification et promenez-vous au c\u0153ur des ar\u00f4mes et des saveurs dans nos Jardins. Profitez des activit\u00e9s : minigolf, rosalies et sulkys, jeu de d\u2019\u00e9checs g\u00e9ant, jeu de piste Explor games \u00ae en option. Restauration sur place, boutique ouverte tous les jours de 8H \u00e0 19H<\/span><\/span><\/p>                        <\/div>\n\n                    <\/div>\n\n                <\/div><!-- .elementskit-card END -->\n\n                                        <\/div>\n    <\/div>\t\t\t\t<\/div>\n\t\t\t\t<\/div>\n\t\t\t\t\t<\/div>\n\t\t<\/div>\n\t\t\t\t<div class=\"elementor-column elementor-col-33 elementor-inner-column elementor-element elementor-element-32271b7\" data-id=\"32271b7\" data-element_type=\"column\" data-e-type=\"column\">\n\t\t\t<div class=\"elementor-widget-wrap elementor-element-populated\">\n\t\t\t\t\t\t<div class=\"elementor-element elementor-element-26b1e5d elementor-widget elementor-widget-video\" data-id=\"26b1e5d\" data-element_type=\"widget\" data-e-type=\"widget\" data-settings=\"{&quot;youtube_url&quot;:&quot;https:\\\/\\\/www.youtube.com\\\/watch?v=gz7fGmNwZQM&quot;,&quot;video_type&quot;:&quot;youtube&quot;,&quot;controls&quot;:&quot;yes&quot;}\" data-widget_type=\"video.default\">\n\t\t\t\t<div class=\"elementor-widget-container\">\n\t\t\t\t\t\t\t<div class=\"elementor-wrapper elementor-open-inline\">\n\t\t\t<div class=\"elementor-video\"><\/div>\t\t<\/div>\n\t\t\t\t\t\t<\/div>\n\t\t\t\t<\/div>\n\t\t\t\t<div class=\"elementor-element elementor-element-849f235 elementor-widget elementor-widget-elementskit-accordion\" data-id=\"849f235\" data-element_type=\"widget\" data-e-type=\"widget\" data-widget_type=\"elementskit-accordion.default\">\n\t\t\t\t<div class=\"elementor-widget-container\">\n\t\t\t\t\t<div class=\"ekit-wid-con\" >\n        <div class=\"elementskit-accordion accoedion-primary\" id=\"accordion-69ef4dfcbd8c4\">\n\n            \n                <div class=\"elementskit-card \">\n                    <div class=\"elementskit-card-header\" id=\"primaryHeading-0-849f235\">\n                        <a href=\"#collapse-6398a2169ef4dfcbd8c4\" class=\"ekit-accordion--toggler elementskit-btn-link collapsed\" data-ekit-toggle=\"collapse\" data-target=\"#Collapse-6398a2169ef4dfcbd8c4\" aria-expanded=\"false\" aria-controls=\"Collapse-6398a2169ef4dfcbd8c4\">\n                            \n                            <span class=\"ekit-accordion-title\">Cin\u00e9 dynamique au Hameau Duboeuf<\/span>\n\n                            \n                                <div class=\"ekit_accordion_icon_group\">\n                                    <div class=\"ekit_accordion_normal_icon\">\n                                        <!-- Normal Icon -->\n\t\t\t\t\t\t\t\t\t\t<svg xmlns=\"http:\/\/www.w3.org\/2000\/svg\" xmlns:xlink=\"http:\/\/www.w3.org\/1999\/xlink\" id=\"Calque_1\" x=\"0px\" y=\"0px\" viewBox=\"0 0 1488 1838\" xml:space=\"preserve\"><path d=\"M758.6,1820.3l-594.9-594.9l62.1-62.1l489,489V554.3h87.8v1098.1l489-489l62.1,62.1L758.6,1820.3z\"><\/path><\/svg>                                    <\/div>\n\n                                    <div class=\"ekit_accordion_active_icon\">\n                                        <!-- Active Icon -->\n\t\t\t\t\t\t\t\t\t\t                                    <\/div>\n                                <\/div>\n\n                            \n                                                    <\/a>\n                    <\/div>\n\n                    <div id=\"Collapse-6398a2169ef4dfcbd8c4\" class=\" collapse\" aria-labelledby=\"primaryHeading-0-849f235\" data-parent=\"#accordion-69ef4dfcbd8c4\">\n\n                        <div class=\"elementskit-card-body ekit-accordion--content\">\n                            <p><span class=\"yt-core-attributed-string yt-core-attributed-string--white-space-pre-wrap\"><span class=\"yt-core-attributed-string--link-inherit-color\">Un survol \u00e0 travers le territoire Beaujolais &amp; M\u00e2connais en compagnie de deux charmantes abeilles. Un voyage qui promet des sensations et une \u00e9motion dans la d\u00e9couverte de ce magnifique territoire vu du ciel.<\/span><\/span><\/p>                        <\/div>\n\n                    <\/div>\n\n                <\/div><!-- .elementskit-card END -->\n\n                                        <\/div>\n    <\/div>\t\t\t\t<\/div>\n\t\t\t\t<\/div>\n\t\t\t\t\t<\/div>\n\t\t<\/div>\n\t\t\t\t<div class=\"elementor-column elementor-col-33 elementor-inner-column elementor-element elementor-element-3098a03\" data-id=\"3098a03\" data-element_type=\"column\" data-e-type=\"column\">\n\t\t\t<div class=\"elementor-widget-wrap elementor-element-populated\">\n\t\t\t\t\t\t<div class=\"elementor-element elementor-element-6d1ea10 elementor-widget elementor-widget-video\" data-id=\"6d1ea10\" data-element_type=\"widget\" data-e-type=\"widget\" data-settings=\"{&quot;youtube_url&quot;:&quot;https:\\\/\\\/www.youtube.com\\\/watch?v=N_oY2DucGYU&quot;,&quot;video_type&quot;:&quot;youtube&quot;,&quot;controls&quot;:&quot;yes&quot;}\" data-widget_type=\"video.default\">\n\t\t\t\t<div class=\"elementor-widget-container\">\n\t\t\t\t\t\t\t<div class=\"elementor-wrapper elementor-open-inline\">\n\t\t\t<div class=\"elementor-video\"><\/div>\t\t<\/div>\n\t\t\t\t\t\t<\/div>\n\t\t\t\t<\/div>\n\t\t\t\t<div class=\"elementor-element elementor-element-d68dc56 elementor-widget elementor-widget-elementskit-accordion\" data-id=\"d68dc56\" data-element_type=\"widget\" data-e-type=\"widget\" data-widget_type=\"elementskit-accordion.default\">\n\t\t\t\t<div class=\"elementor-widget-container\">\n\t\t\t\t\t<div class=\"ekit-wid-con\" >\n        <div class=\"elementskit-accordion accoedion-primary\" id=\"accordion-69ef4dfcbe079\">\n\n            \n                <div class=\"elementskit-card \">\n                    <div class=\"elementskit-card-header\" id=\"primaryHeading-0-d68dc56\">\n                        <a href=\"#collapse-6398a2169ef4dfcbe079\" class=\"ekit-accordion--toggler elementskit-btn-link collapsed\" data-ekit-toggle=\"collapse\" data-target=\"#Collapse-6398a2169ef4dfcbe079\" aria-expanded=\"false\" aria-controls=\"Collapse-6398a2169ef4dfcbe079\">\n                            \n                            <span class=\"ekit-accordion-title\">Mon Beaujolais, spectacle immersif<\/span>\n\n                            \n                                <div class=\"ekit_accordion_icon_group\">\n                                    <div class=\"ekit_accordion_normal_icon\">\n                                        <!-- Normal Icon -->\n\t\t\t\t\t\t\t\t\t\t<svg xmlns=\"http:\/\/www.w3.org\/2000\/svg\" xmlns:xlink=\"http:\/\/www.w3.org\/1999\/xlink\" id=\"Calque_1\" x=\"0px\" y=\"0px\" viewBox=\"0 0 1488 1838\" xml:space=\"preserve\"><path d=\"M758.6,1820.3l-594.9-594.9l62.1-62.1l489,489V554.3h87.8v1098.1l489-489l62.1,62.1L758.6,1820.3z\"><\/path><\/svg>                                    <\/div>\n\n                                    <div class=\"ekit_accordion_active_icon\">\n                                        <!-- Active Icon -->\n\t\t\t\t\t\t\t\t\t\t                                    <\/div>\n                                <\/div>\n\n                            \n                                                    <\/a>\n                    <\/div>\n\n                    <div id=\"Collapse-6398a2169ef4dfcbe079\" class=\" collapse\" aria-labelledby=\"primaryHeading-0-d68dc56\" data-parent=\"#accordion-69ef4dfcbe079\">\n\n                        <div class=\"elementskit-card-body ekit-accordion--content\">\n                            <p><span class=\"yt-core-attributed-string yt-core-attributed-string--white-space-pre-wrap\"><span class=\"yt-core-attributed-string--link-inherit-color\">Il s'agit d'un spectacle immersif racontant l\u2019Histoire du Beaujolais \u00e0 travers un jeu de son et Lumi\u00e8re spectaculaire<\/span><\/span><\/p>                        <\/div>\n\n                    <\/div>\n\n                <\/div><!-- .elementskit-card END -->\n\n                                        <\/div>\n    <\/div>\t\t\t\t<\/div>\n\t\t\t\t<\/div>\n\t\t\t\t\t<\/div>\n\t\t<\/div>\n\t\t\t\t\t<\/div>\n\t\t<\/section>\n\t\t\t\t\t<\/div>\n\t\t<\/div>\n\t\t\t\t\t<\/div>\n\t\t<\/section>\n\t\t\t\t<\/div>\n\t\t","protected":false},"excerpt":{"rendered":"<p>Vid\u00e9os Hameau Dub\u0153uf Pr\u00e9sentation du Hameau Duboeuf Le Hameau Duboeuf, 1er parc sur la Vigne et le Vin en Europe, ouvert du mercredi au dimanche. Un voyage unique \u00e0 travers 2000 ans d\u2019Histoire sur la Vigne et le Vin \u00e0 travers des salles d\u2019expositions, des chais toujours en activit\u00e9, un cin\u00e9ma dynamique, cin\u00e9ma 3D, spectacle [&hellip;]<\/p>\n","protected":false},"author":5,"featured_media":0,"parent":182,"menu_order":0,"comment_status":"closed","ping_status":"closed","template":"","meta":{"_acf_changed":false,"footnotes":""},"class_list":["post-118242","page","type-page","status-publish","hentry"],"acf":[],"_links":{"self":[{"href":"https:\/\/www.duboeuf.com\/fr\/wp-json\/wp\/v2\/pages\/118242","targetHints":{"allow":["GET"]}}],"collection":[{"href":"https:\/\/www.duboeuf.com\/fr\/wp-json\/wp\/v2\/pages"}],"about":[{"href":"https:\/\/www.duboeuf.com\/fr\/wp-json\/wp\/v2\/types\/page"}],"author":[{"embeddable":true,"href":"https:\/\/www.duboeuf.com\/fr\/wp-json\/wp\/v2\/users\/5"}],"replies":[{"embeddable":true,"href":"https:\/\/www.duboeuf.com\/fr\/wp-json\/wp\/v2\/comments?post=118242"}],"version-history":[{"count":0,"href":"https:\/\/www.duboeuf.com\/fr\/wp-json\/wp\/v2\/pages\/118242\/revisions"}],"up":[{"embeddable":true,"href":"https:\/\/www.duboeuf.com\/fr\/wp-json\/wp\/v2\/pages\/182"}],"wp:attachment":[{"href":"https:\/\/www.duboeuf.com\/fr\/wp-json\/wp\/v2\/media?parent=118242"}],"curies":[{"name":"wp","href":"https:\/\/api.w.org\/{rel}","templated":true}]}}