{"id":122361,"date":"2024-04-02T22:42:25","date_gmt":"2024-04-02T20:42:25","guid":{"rendered":"https:\/\/www.duboeuf.com\/?post_type=product&#038;p=122361"},"modified":"2026-04-21T15:50:52","modified_gmt":"2026-04-21T13:50:52","slug":"chiroubles-2022-selection-georges-duboeuf-medaille-dor-concours-des-grands-vins-du-beaujolais","status":"publish","type":"product","link":"https:\/\/www.duboeuf.com\/fr\/e-boutique\/produit\/chiroubles-2022-selection-georges-duboeuf-medaille-dor-concours-des-grands-vins-du-beaujolais\/","title":{"rendered":"Chiroubles 2022 Selection Georges Duboeuf M\u00e9daille d&rsquo;Or Concours des Grands Vins Du Beaujolais"},"content":{"rendered":"<p>Chiroubles a la distinction d&rsquo;\u00eatre le Cru le plus \u00e9lev\u00e9 en altitude, culminant \u00e0 450 m\u00e8tres. Du haut balcon form\u00e9 par son vignoble, on peut admirer l&rsquo;immense plaine de la Sa\u00f4ne, que le tr\u00e8s Bourguignon Henri Vincenot appelait affecteusement \u00ab\u00a0m\u00e8re des rivi\u00e8res\u00a0\u00bb. Comme pour la majorit\u00e9 des Crus du Beaujolais, c&rsquo;est le vin qui a rev\u00eatu le nom de son village. il en a pris toute la hauteur, exprim\u00e9e dans son corps et dans ses habits par sa puret\u00e9, son go\u00fbt exquis et sa gr\u00e2ce. On serait tent\u00e9 de comparer le Chiroubles \u00e0 un superbe mannequin habill\u00e9 de soie rouge vif.<\/p>\n<p>Au go\u00fbt, c&rsquo;est le plus a\u00e9rien des Beaujolais, tout en \u00e9tant \u00e9minemment marqu\u00e9 au coin des petits fruits rouges. Il donne au d\u00e9gustateur cette agr\u00e9able sensation de glisser en bouche. D&rsquo;apr\u00e8s un po\u00e8te local, amoureux de tout ce qui est beau en ce monde, le Chiroubles serait \u00ab\u00a0l&rsquo;extravagance du Beaujolais\u00a0\u00bb.<\/p>\n","protected":false},"excerpt":{"rendered":"<p>Chiroubles a la distinction d&rsquo;\u00eatre le Cru le plus \u00e9lev\u00e9 en altitude, culminant \u00e0 450 m\u00e8tres. Du haut balcon form\u00e9 par son vignoble, on peut admirer l&rsquo;immense plaine de la Sa\u00f4ne, que le tr\u00e8s Bourguignon Henri Vincenot appelait affecteusement \u00ab\u00a0m\u00e8re des rivi\u00e8res\u00a0\u00bb. Comme pour la majorit\u00e9 des Crus du Beaujolais, c&rsquo;est le vin qui a [&hellip;]<\/p>\n","protected":false},"featured_media":122362,"template":"","meta":{"_acf_changed":false},"product_brand":[],"product_cat":[29],"product_tag":[],"region":[33],"aoc":[77],"couleur":[92],"gamme":[],"millesime":[177],"collection":[156],"class_list":{"0":"post-122361","1":"product","2":"type-product","3":"status-publish","4":"has-post-thumbnail","6":"product_cat-produit","7":"region-vins-du-beaujolais","8":"aoc-chiroubles","9":"couleur-rouge","10":"millesime-177","11":"collection-fleurs","13":"first","14":"instock","15":"shipping-taxable","16":"purchasable","17":"product-type-simple"},"acf":[],"_links":{"self":[{"href":"https:\/\/www.duboeuf.com\/fr\/wp-json\/wp\/v2\/product\/122361","targetHints":{"allow":["GET"]}}],"collection":[{"href":"https:\/\/www.duboeuf.com\/fr\/wp-json\/wp\/v2\/product"}],"about":[{"href":"https:\/\/www.duboeuf.com\/fr\/wp-json\/wp\/v2\/types\/product"}],"wp:featuredmedia":[{"embeddable":true,"href":"https:\/\/www.duboeuf.com\/fr\/wp-json\/wp\/v2\/media\/122362"}],"wp:attachment":[{"href":"https:\/\/www.duboeuf.com\/fr\/wp-json\/wp\/v2\/media?parent=122361"}],"wp:term":[{"taxonomy":"product_brand","embeddable":true,"href":"https:\/\/www.duboeuf.com\/fr\/wp-json\/wp\/v2\/product_brand?post=122361"},{"taxonomy":"product_cat","embeddable":true,"href":"https:\/\/www.duboeuf.com\/fr\/wp-json\/wp\/v2\/product_cat?post=122361"},{"taxonomy":"product_tag","embeddable":true,"href":"https:\/\/www.duboeuf.com\/fr\/wp-json\/wp\/v2\/product_tag?post=122361"},{"taxonomy":"region","embeddable":true,"href":"https:\/\/www.duboeuf.com\/fr\/wp-json\/wp\/v2\/region?post=122361"},{"taxonomy":"aoc","embeddable":true,"href":"https:\/\/www.duboeuf.com\/fr\/wp-json\/wp\/v2\/aoc?post=122361"},{"taxonomy":"couleur","embeddable":true,"href":"https:\/\/www.duboeuf.com\/fr\/wp-json\/wp\/v2\/couleur?post=122361"},{"taxonomy":"gamme","embeddable":true,"href":"https:\/\/www.duboeuf.com\/fr\/wp-json\/wp\/v2\/gamme?post=122361"},{"taxonomy":"millesime","embeddable":true,"href":"https:\/\/www.duboeuf.com\/fr\/wp-json\/wp\/v2\/millesime?post=122361"},{"taxonomy":"collection","embeddable":true,"href":"https:\/\/www.duboeuf.com\/fr\/wp-json\/wp\/v2\/collection?post=122361"}],"curies":[{"name":"wp","href":"https:\/\/api.w.org\/{rel}","templated":true}]}}