{"id":124670,"date":"2025-10-17T10:17:54","date_gmt":"2025-10-17T08:17:54","guid":{"rendered":"https:\/\/www.duboeuf.com\/?post_type=product&#038;p=124670"},"modified":"2026-04-21T15:51:07","modified_gmt":"2026-04-21T13:51:07","slug":"macon-villages-blanc-2023-selection-georges-duboeuf","status":"publish","type":"product","link":"https:\/\/www.duboeuf.com\/fr\/e-boutique\/produit\/macon-villages-blanc-2023-selection-georges-duboeuf\/","title":{"rendered":"M\u00e2con-Villages Blanc 2023 Selection Georges Duboeuf"},"content":{"rendered":"<p>Entre M\u00e2con au sud, Tournus au nord et jusqu&rsquo;\u00e0 Cluny \u00e0 l&rsquo;ouest, le noble et tr\u00e8s bourguignon Chardonnay r\u00e8gne en ma\u00eetre absolu sur le sol calcaire qui lui r\u00e9ussit si bien. On est au c ur du pays doucement vallonn\u00e9 du po\u00e8te Lamartine. Celui-ci na\u00eet \u00e0 M\u00e2con en 1790 et passe toute son enfance dans le village si pittoresque de Milly. Son grand amour de jeunesse Elvire d\u00e9clenche sa vocation litt\u00e9raire. Durant toute sa vie extr\u00eamement active, Lamartine va mener de front sa double carri\u00e8re d&rsquo;illustre po\u00e8te et d&rsquo;homme politique de premier ordre. <\/p>\n<p>Les M\u00e2con-Villages blancs sont des vins l\u00e9gers, guillerets et charmeurs, surtout dans leur plus jeune \u00e2ge. Quel que soit le mill\u00e9sime, ils sont pleins de subtilit\u00e9s de fruits et de fleurs, r\u00e9hauss\u00e9s de nuances citronn\u00e9es. Ils s\u00e9duisent par leur d\u00e9licatesse et leur simplicit\u00e9.<\/p>\n","protected":false},"excerpt":{"rendered":"<p>Entre M\u00e2con au sud, Tournus au nord et jusqu&rsquo;\u00e0 Cluny \u00e0 l&rsquo;ouest, le noble et tr\u00e8s bourguignon Chardonnay r\u00e8gne en ma\u00eetre absolu sur le sol calcaire qui lui r\u00e9ussit si bien. On est au c ur du pays doucement vallonn\u00e9 du po\u00e8te Lamartine. Celui-ci na\u00eet \u00e0 M\u00e2con en 1790 et passe toute son enfance dans [&hellip;]<\/p>\n","protected":false},"featured_media":124671,"template":"","meta":{"_acf_changed":false},"product_brand":[],"product_cat":[29],"product_tag":[],"region":[37],"aoc":[81],"couleur":[94],"gamme":[],"millesime":[184],"collection":[156],"class_list":{"0":"post-124670","1":"product","2":"type-product","3":"status-publish","4":"has-post-thumbnail","6":"product_cat-produit","7":"region-vins-du-maconnais","8":"aoc-macon-villages-blanc","9":"couleur-blanc","10":"millesime-184","11":"collection-fleurs","13":"first","14":"instock","15":"shipping-taxable","16":"purchasable","17":"product-type-simple"},"acf":[],"_links":{"self":[{"href":"https:\/\/www.duboeuf.com\/fr\/wp-json\/wp\/v2\/product\/124670","targetHints":{"allow":["GET"]}}],"collection":[{"href":"https:\/\/www.duboeuf.com\/fr\/wp-json\/wp\/v2\/product"}],"about":[{"href":"https:\/\/www.duboeuf.com\/fr\/wp-json\/wp\/v2\/types\/product"}],"wp:featuredmedia":[{"embeddable":true,"href":"https:\/\/www.duboeuf.com\/fr\/wp-json\/wp\/v2\/media\/124671"}],"wp:attachment":[{"href":"https:\/\/www.duboeuf.com\/fr\/wp-json\/wp\/v2\/media?parent=124670"}],"wp:term":[{"taxonomy":"product_brand","embeddable":true,"href":"https:\/\/www.duboeuf.com\/fr\/wp-json\/wp\/v2\/product_brand?post=124670"},{"taxonomy":"product_cat","embeddable":true,"href":"https:\/\/www.duboeuf.com\/fr\/wp-json\/wp\/v2\/product_cat?post=124670"},{"taxonomy":"product_tag","embeddable":true,"href":"https:\/\/www.duboeuf.com\/fr\/wp-json\/wp\/v2\/product_tag?post=124670"},{"taxonomy":"region","embeddable":true,"href":"https:\/\/www.duboeuf.com\/fr\/wp-json\/wp\/v2\/region?post=124670"},{"taxonomy":"aoc","embeddable":true,"href":"https:\/\/www.duboeuf.com\/fr\/wp-json\/wp\/v2\/aoc?post=124670"},{"taxonomy":"couleur","embeddable":true,"href":"https:\/\/www.duboeuf.com\/fr\/wp-json\/wp\/v2\/couleur?post=124670"},{"taxonomy":"gamme","embeddable":true,"href":"https:\/\/www.duboeuf.com\/fr\/wp-json\/wp\/v2\/gamme?post=124670"},{"taxonomy":"millesime","embeddable":true,"href":"https:\/\/www.duboeuf.com\/fr\/wp-json\/wp\/v2\/millesime?post=124670"},{"taxonomy":"collection","embeddable":true,"href":"https:\/\/www.duboeuf.com\/fr\/wp-json\/wp\/v2\/collection?post=124670"}],"curies":[{"name":"wp","href":"https:\/\/api.w.org\/{rel}","templated":true}]}}